{"id":2465,"date":"2026-03-18T12:58:35","date_gmt":"2026-03-18T12:58:35","guid":{"rendered":"https:\/\/www.celebrateinsicily.com\/reunions-professionnelles-en-sicile\/"},"modified":"2026-06-10T09:27:01","modified_gmt":"2026-06-10T09:27:01","slug":"reunions-professionnelles-en-sicile","status":"publish","type":"page","link":"https:\/\/www.celebrateinsicily.com\/fr\/reunions-professionnelles-en-sicile\/","title":{"rendered":"R\u00e9unions d\u2019affaires en Sicile"},"content":{"rendered":"\t\t<div data-elementor-type=\"wp-page\" data-elementor-id=\"2465\" class=\"elementor elementor-2465 elementor-779\">\n\t\t\t\t<div class=\"elementor-element elementor-element-db8f487 e-con-full e-flex e-con e-parent\" data-id=\"db8f487\" data-element_type=\"container\" data-e-type=\"container\" data-settings=\"{&quot;background_background&quot;:&quot;classic&quot;}\">\n\t\t\t\t<\/div>\n\t\t<div class=\"elementor-element elementor-element-806952f e-flex e-con-boxed e-con e-parent\" data-id=\"806952f\" data-element_type=\"container\" data-e-type=\"container\">\n\t\t\t\t\t<div class=\"e-con-inner\">\n\t\t\t\t<div class=\"elementor-element elementor-element-79a78b2 elementor-widget elementor-widget-heading\" data-id=\"79a78b2\" data-element_type=\"widget\" data-e-type=\"widget\" data-widget_type=\"heading.default\">\n\t\t\t\t<div class=\"elementor-widget-container\">\n\t\t\t\t\t<h1 class=\"elementor-heading-title elementor-size-default\">R\u00e9unions d\u2019affaires en Sicile<\/h1>\t\t\t\t<\/div>\n\t\t\t\t<\/div>\n\t\t\t\t<div class=\"elementor-element elementor-element-6e38d6d elementor-widget elementor-widget-text-editor\" data-id=\"6e38d6d\" data-element_type=\"widget\" data-e-type=\"widget\" data-widget_type=\"text-editor.default\">\n\t\t\t\t<div class=\"elementor-widget-container\">\n\t\t\t\t\t\t\t\t\t<p data-start=\"529\" data-end=\"630\">Organisez vos r\u00e9unions d\u2019affaires en Sicile avec une planification experte, une coordination strat\u00e9gique et des lieux soigneusement s\u00e9lectionn\u00e9s. Des r\u00e9unions de direction aux rassemblements professionnels priv\u00e9s, nous concevons des exp\u00e9riences qui allient productivit\u00e9 et atmosph\u00e8re m\u00e9diterran\u00e9enne raffin\u00e9e. <\/p>\t\t\t\t\t\t\t\t<\/div>\n\t\t\t\t<\/div>\n\t\t\t\t<div class=\"elementor-element elementor-element-d860b1c elementor-align-left elementor-widget elementor-widget-button\" data-id=\"d860b1c\" data-element_type=\"widget\" data-e-type=\"widget\" data-widget_type=\"button.default\">\n\t\t\t\t<div class=\"elementor-widget-container\">\n\t\t\t\t\t\t\t\t\t<div class=\"elementor-button-wrapper\">\n\t\t\t\t\t<a class=\"elementor-button elementor-button-link elementor-size-sm\" href=\"https:\/\/www.celebrateinsicily.com\/fr\/contacts\/\">\n\t\t\t\t\t\t<span class=\"elementor-button-content-wrapper\">\n\t\t\t\t\t\t\t\t\t<span class=\"elementor-button-text\">Planifiez votre \u00e9v\u00e9nement<\/span>\n\t\t\t\t\t<\/span>\n\t\t\t\t\t<\/a>\n\t\t\t\t<\/div>\n\t\t\t\t\t\t\t\t<\/div>\n\t\t\t\t<\/div>\n\t\t\t\t\t<\/div>\n\t\t\t\t<\/div>\n\t\t<div class=\"elementor-element elementor-element-07c9d66 e-flex e-con-boxed e-con e-parent\" data-id=\"07c9d66\" data-element_type=\"container\" data-e-type=\"container\">\n\t\t\t\t\t<div class=\"e-con-inner\">\n\t\t<div class=\"elementor-element elementor-element-5e161d1 e-con-full e-flex e-con e-child\" data-id=\"5e161d1\" data-element_type=\"container\" data-e-type=\"container\">\n\t\t\t\t<div class=\"elementor-element elementor-element-52599bf elementor-widget__width-initial elementor-widget elementor-widget-image\" data-id=\"52599bf\" data-element_type=\"widget\" data-e-type=\"widget\" data-widget_type=\"image.default\">\n\t\t\t\t<div class=\"elementor-widget-container\">\n\t\t\t\t\t\t\t\t\t\t\t\t\t\t\t<img fetchpriority=\"high\" decoding=\"async\" width=\"1024\" height=\"768\" src=\"https:\/\/www.celebrateinsicily.com\/wp-content\/uploads\/2026\/05\/IMG-20260518-WA0031-1024x768.jpg\" class=\"attachment-large size-large wp-image-4805\" alt=\"R\u00e9union d\u2019affaires professionnelle et \u00e9v\u00e9nement de r\u00e9seautage en Sicile.\" srcset=\"https:\/\/www.celebrateinsicily.com\/wp-content\/uploads\/2026\/05\/IMG-20260518-WA0031-1024x768.jpg 1024w, https:\/\/www.celebrateinsicily.com\/wp-content\/uploads\/2026\/05\/IMG-20260518-WA0031-300x225.jpg 300w, https:\/\/www.celebrateinsicily.com\/wp-content\/uploads\/2026\/05\/IMG-20260518-WA0031-768x576.jpg 768w, https:\/\/www.celebrateinsicily.com\/wp-content\/uploads\/2026\/05\/IMG-20260518-WA0031-1536x1152.jpg 1536w, https:\/\/www.celebrateinsicily.com\/wp-content\/uploads\/2026\/05\/IMG-20260518-WA0031.jpg 1600w\" sizes=\"(max-width: 1024px) 100vw, 1024px\" \/>\t\t\t\t\t\t\t\t\t\t\t\t\t\t\t<\/div>\n\t\t\t\t<\/div>\n\t\t\t\t<\/div>\n\t\t<div class=\"elementor-element elementor-element-a39bdd6 e-con-full e-flex e-con e-child\" data-id=\"a39bdd6\" data-element_type=\"container\" data-e-type=\"container\">\n\t\t\t\t<div class=\"elementor-element elementor-element-df116ed elementor-widget elementor-widget-heading\" data-id=\"df116ed\" data-element_type=\"widget\" data-e-type=\"widget\" data-widget_type=\"heading.default\">\n\t\t\t\t<div class=\"elementor-widget-container\">\n\t\t\t\t\t<h2 class=\"elementor-heading-title elementor-size-default\">R\u00e9unions d\u2019affaires professionnelles en Sicile<\/h2>\t\t\t\t<\/div>\n\t\t\t\t<\/div>\n\t\t\t\t<div class=\"elementor-element elementor-element-6013083 elementor-widget elementor-widget-text-editor\" data-id=\"6013083\" data-element_type=\"widget\" data-e-type=\"widget\" data-widget_type=\"text-editor.default\">\n\t\t\t\t<div class=\"elementor-widget-container\">\n\t\t\t\t\t\t\t\t\t<p data-start=\"623\" data-end=\"771\">La Sicile est une destination id\u00e9ale pour les r\u00e9unions d\u2019affaires, offrant une combinaison unique de lieux inspirants, d\u2019intimit\u00e9 et d\u2019une hospitalit\u00e9 de grande qualit\u00e9. Des h\u00f4tels de charme et villas priv\u00e9es aux \u00e9l\u00e9gants espaces de r\u00e9union en bord de mer, l\u2019\u00eele offre un cadre parfait pour les discussions strat\u00e9giques, le r\u00e9seautage et la collaboration entre dirigeants. <\/p><p data-start=\"972\" data-end=\"1133\">Chez Celebrate in Sicily, nous organisons des r\u00e9unions d\u2019affaires avec pr\u00e9cision et souci du d\u00e9tail, garantissant une exp\u00e9rience fluide et professionnelle du d\u00e9but \u00e0 la fin.<\/p>\t\t\t\t\t\t\t\t<\/div>\n\t\t\t\t<\/div>\n\t\t\t\t<\/div>\n\t\t\t\t\t<\/div>\n\t\t\t\t<\/div>\n\t\t<div class=\"elementor-element elementor-element-9258366 e-flex e-con-boxed e-con e-parent\" data-id=\"9258366\" data-element_type=\"container\" data-e-type=\"container\">\n\t\t\t\t\t<div class=\"e-con-inner\">\n\t\t\t\t<div class=\"elementor-element elementor-element-8cfd514 elementor-widget elementor-widget-heading\" data-id=\"8cfd514\" data-element_type=\"widget\" data-e-type=\"widget\" data-widget_type=\"heading.default\">\n\t\t\t\t<div class=\"elementor-widget-container\">\n\t\t\t\t\t<h2 class=\"elementor-heading-title elementor-size-default\">Nos services pour r\u00e9unions professionnelles<\/h2>\t\t\t\t<\/div>\n\t\t\t\t<\/div>\n\t\t\t\t<div class=\"elementor-element elementor-element-ca83085 elementor-widget elementor-widget-text-editor\" data-id=\"ca83085\" data-element_type=\"widget\" data-e-type=\"widget\" data-widget_type=\"text-editor.default\">\n\t\t\t\t<div class=\"elementor-widget-container\">\n\t\t\t\t\t\t\t\t\t<p data-start=\"1707\" data-end=\"1800\">Nous proposons un accompagnement complet pour l\u2019organisation de r\u00e9unions professionnelles en Sicile :<\/p><p data-start=\"1802\" data-end=\"1878\"> <\/p>\t\t\t\t\t\t\t\t<\/div>\n\t\t\t\t<\/div>\n\t\t\t\t<div class=\"elementor-element elementor-element-aeb6ff7 elementor-icon-list--layout-traditional elementor-list-item-link-full_width elementor-widget elementor-widget-icon-list\" data-id=\"aeb6ff7\" data-element_type=\"widget\" data-e-type=\"widget\" data-widget_type=\"icon-list.default\">\n\t\t\t\t<div class=\"elementor-widget-container\">\n\t\t\t\t\t\t\t<ul class=\"elementor-icon-list-items\">\n\t\t\t\t\t\t\t<li class=\"elementor-icon-list-item\">\n\t\t\t\t\t\t\t\t\t\t\t<span class=\"elementor-icon-list-icon\">\n\t\t\t\t\t\t\t<i aria-hidden=\"true\" class=\"fas fa-circle\"><\/i>\t\t\t\t\t\t<\/span>\n\t\t\t\t\t\t\t\t\t\t<span class=\"elementor-icon-list-text\">Recherche de lieux pour r\u00e9unions et \u00e9v\u00e9nements professionnels priv\u00e9s<\/span>\n\t\t\t\t\t\t\t\t\t<\/li>\n\t\t\t\t\t\t\t\t<li class=\"elementor-icon-list-item\">\n\t\t\t\t\t\t\t\t\t\t\t<span class=\"elementor-icon-list-icon\">\n\t\t\t\t\t\t\t<i aria-hidden=\"true\" class=\"fas fa-circle\"><\/i>\t\t\t\t\t\t<\/span>\n\t\t\t\t\t\t\t\t\t\t<span class=\"elementor-icon-list-text\">\u00c9quipement audiovisuel et installation pour pr\u00e9sentations<\/span>\n\t\t\t\t\t\t\t\t\t<\/li>\n\t\t\t\t\t\t\t\t<li class=\"elementor-icon-list-item\">\n\t\t\t\t\t\t\t\t\t\t\t<span class=\"elementor-icon-list-icon\">\n\t\t\t\t\t\t\t<i aria-hidden=\"true\" class=\"fas fa-circle\"><\/i>\t\t\t\t\t\t<\/span>\n\t\t\t\t\t\t\t\t\t\t<span class=\"elementor-icon-list-text\">Am\u00e9nagement et mise en sc\u00e8ne des espaces de r\u00e9union<\/span>\n\t\t\t\t\t\t\t\t\t<\/li>\n\t\t\t\t\t\t\t\t<li class=\"elementor-icon-list-item\">\n\t\t\t\t\t\t\t\t\t\t\t<span class=\"elementor-icon-list-icon\">\n\t\t\t\t\t\t\t<i aria-hidden=\"true\" class=\"fas fa-circle\"><\/i>\t\t\t\t\t\t<\/span>\n\t\t\t\t\t\t\t\t\t\t<span class=\"elementor-icon-list-text\">Service traiteur avec cuisine sicilienne et vins de l\u2019Etna<\/span>\n\t\t\t\t\t\t\t\t\t<\/li>\n\t\t\t\t\t\t\t\t<li class=\"elementor-icon-list-item\">\n\t\t\t\t\t\t\t\t\t\t\t<span class=\"elementor-icon-list-icon\">\n\t\t\t\t\t\t\t<i aria-hidden=\"true\" class=\"fas fa-circle\"><\/i>\t\t\t\t\t\t<\/span>\n\t\t\t\t\t\t\t\t\t\t<span class=\"elementor-icon-list-text\">Transport priv\u00e9 et transferts a\u00e9roport<\/span>\n\t\t\t\t\t\t\t\t\t<\/li>\n\t\t\t\t\t\t\t\t<li class=\"elementor-icon-list-item\">\n\t\t\t\t\t\t\t\t\t\t\t<span class=\"elementor-icon-list-icon\">\n\t\t\t\t\t\t\t<i aria-hidden=\"true\" class=\"fas fa-circle\"><\/i>\t\t\t\t\t\t<\/span>\n\t\t\t\t\t\t\t\t\t\t<span class=\"elementor-icon-list-text\">Coordination de l\u2019h\u00e9bergement<\/span>\n\t\t\t\t\t\t\t\t\t<\/li>\n\t\t\t\t\t\t\t\t<li class=\"elementor-icon-list-item\">\n\t\t\t\t\t\t\t\t\t\t\t<span class=\"elementor-icon-list-icon\">\n\t\t\t\t\t\t\t<i aria-hidden=\"true\" class=\"fas fa-circle\"><\/i>\t\t\t\t\t\t<\/span>\n\t\t\t\t\t\t\t\t\t\t<span class=\"elementor-icon-list-text\">Gestion et logistique de l\u2019\u00e9v\u00e9nement sur place<\/span>\n\t\t\t\t\t\t\t\t\t<\/li>\n\t\t\t\t\t\t<\/ul>\n\t\t\t\t\t\t<\/div>\n\t\t\t\t<\/div>\n\t\t\t\t<div class=\"elementor-element elementor-element-9553f12 elementor-widget elementor-widget-text-editor\" data-id=\"9553f12\" data-element_type=\"widget\" data-e-type=\"widget\" data-widget_type=\"text-editor.default\">\n\t\t\t\t<div class=\"elementor-widget-container\">\n\t\t\t\t\t\t\t\t\t<p data-start=\"1564\" data-end=\"1656\">Chaque r\u00e9union est soigneusement planifi\u00e9e pour garantir efficacit\u00e9, confort et une exp\u00e9rience fluide.<\/p>\t\t\t\t\t\t\t\t<\/div>\n\t\t\t\t<\/div>\n\t\t\t\t\t<\/div>\n\t\t\t\t<\/div>\n\t\t<div class=\"elementor-element elementor-element-0a39649 e-flex e-con-boxed e-con e-parent\" data-id=\"0a39649\" data-element_type=\"container\" data-e-type=\"container\">\n\t\t\t\t\t<div class=\"e-con-inner\">\n\t\t<div class=\"elementor-element elementor-element-38a4a83 e-con-full e-flex e-con e-child\" data-id=\"38a4a83\" data-element_type=\"container\" data-e-type=\"container\">\n\t\t\t\t<div class=\"elementor-element elementor-element-a95456e elementor-widget__width-initial elementor-widget elementor-widget-image\" data-id=\"a95456e\" data-element_type=\"widget\" data-e-type=\"widget\" data-widget_type=\"image.default\">\n\t\t\t\t<div class=\"elementor-widget-container\">\n\t\t\t\t\t\t\t\t\t\t\t\t\t\t\t<img decoding=\"async\" src=\"https:\/\/www.celebrateinsicily.com\/wp-content\/uploads\/elementor\/thumbs\/IMG-20260518-WA0011-e1779092586192-rnmq3knycufp1pgpfr9no5qyjra4mc4bryczjdwkww.jpg\" title=\"Exp\u00e9riences \u0153nologiques d\u2019affaires en Sicile\" alt=\"Exp\u00e9rience de d\u00e9gustation de vins pour des \u00e9v\u00e9nements professionnels en Sicile.\" loading=\"lazy\" \/>\t\t\t\t\t\t\t\t\t\t\t\t\t\t\t<\/div>\n\t\t\t\t<\/div>\n\t\t\t\t<\/div>\n\t\t<div class=\"elementor-element elementor-element-e35294d e-con-full e-flex e-con e-child\" data-id=\"e35294d\" data-element_type=\"container\" data-e-type=\"container\">\n\t\t\t\t<div class=\"elementor-element elementor-element-66244f1 elementor-widget elementor-widget-heading\" data-id=\"66244f1\" data-element_type=\"widget\" data-e-type=\"widget\" data-widget_type=\"heading.default\">\n\t\t\t\t<div class=\"elementor-widget-container\">\n\t\t\t\t\t<h2 class=\"elementor-heading-title elementor-size-default\">Exp\u00e9riences au-del\u00e0 de la r\u00e9union<\/h2>\t\t\t\t<\/div>\n\t\t\t\t<\/div>\n\t\t\t\t<div class=\"elementor-element elementor-element-1adeb83 elementor-widget elementor-widget-text-editor\" data-id=\"1adeb83\" data-element_type=\"widget\" data-e-type=\"widget\" data-widget_type=\"text-editor.default\">\n\t\t\t\t<div class=\"elementor-widget-container\">\n\t\t\t\t\t\t\t\t\t<p data-start=\"1178\" data-end=\"1249\">Une r\u00e9union professionnelle en Sicile offre bien plus que des sessions productives \u2014 elle cr\u00e9e des opportunit\u00e9s de connexion au-del\u00e0 de la salle de r\u00e9union.<\/p>\t\t\t\t\t\t\t\t<\/div>\n\t\t\t\t<\/div>\n\t\t\t\t<div class=\"elementor-element elementor-element-f497171 elementor-icon-list--layout-traditional elementor-list-item-link-full_width elementor-widget elementor-widget-icon-list\" data-id=\"f497171\" data-element_type=\"widget\" data-e-type=\"widget\" data-widget_type=\"icon-list.default\">\n\t\t\t\t<div class=\"elementor-widget-container\">\n\t\t\t\t\t\t\t<ul class=\"elementor-icon-list-items\">\n\t\t\t\t\t\t\t<li class=\"elementor-icon-list-item\">\n\t\t\t\t\t\t\t\t\t\t\t<span class=\"elementor-icon-list-icon\">\n\t\t\t\t\t\t\t<i aria-hidden=\"true\" class=\"fas fa-check\"><\/i>\t\t\t\t\t\t<\/span>\n\t\t\t\t\t\t\t\t\t\t<span class=\"elementor-icon-list-text\">Excursions sur l\u2019Etna et paysages volcaniques<\/span>\n\t\t\t\t\t\t\t\t\t<\/li>\n\t\t\t\t\t\t\t\t<li class=\"elementor-icon-list-item\">\n\t\t\t\t\t\t\t\t\t\t\t<span class=\"elementor-icon-list-icon\">\n\t\t\t\t\t\t\t<i aria-hidden=\"true\" class=\"fas fa-check\"><\/i>\t\t\t\t\t\t<\/span>\n\t\t\t\t\t\t\t\t\t\t<span class=\"elementor-icon-list-text\">Excursions en bateau le long de la c\u00f4te sicilienne<\/span>\n\t\t\t\t\t\t\t\t\t<\/li>\n\t\t\t\t\t\t\t\t<li class=\"elementor-icon-list-item\">\n\t\t\t\t\t\t\t\t\t\t\t<span class=\"elementor-icon-list-icon\">\n\t\t\t\t\t\t\t<i aria-hidden=\"true\" class=\"fas fa-check\"><\/i>\t\t\t\t\t\t<\/span>\n\t\t\t\t\t\t\t\t\t\t<span class=\"elementor-icon-list-text\">D\u00e9gustations de vins dans des vignobles locaux<\/span>\n\t\t\t\t\t\t\t\t\t<\/li>\n\t\t\t\t\t\t\t\t<li class=\"elementor-icon-list-item\">\n\t\t\t\t\t\t\t\t\t\t\t<span class=\"elementor-icon-list-icon\">\n\t\t\t\t\t\t\t<i aria-hidden=\"true\" class=\"fas fa-check\"><\/i>\t\t\t\t\t\t<\/span>\n\t\t\t\t\t\t\t\t\t\t<span class=\"elementor-icon-list-text\">Cours de cuisine avec des chefs siciliens<\/span>\n\t\t\t\t\t\t\t\t\t<\/li>\n\t\t\t\t\t\t\t\t<li class=\"elementor-icon-list-item\">\n\t\t\t\t\t\t\t\t\t\t\t<span class=\"elementor-icon-list-icon\">\n\t\t\t\t\t\t\t<i aria-hidden=\"true\" class=\"fas fa-check\"><\/i>\t\t\t\t\t\t<\/span>\n\t\t\t\t\t\t\t\t\t\t<span class=\"elementor-icon-list-text\">Visites culturelles de villes historiques<\/span>\n\t\t\t\t\t\t\t\t\t<\/li>\n\t\t\t\t\t\t\t\t<li class=\"elementor-icon-list-item\">\n\t\t\t\t\t\t\t\t\t\t\t<span class=\"elementor-icon-list-icon\">\n\t\t\t\t\t\t\t<i aria-hidden=\"true\" class=\"fas fa-check\"><\/i>\t\t\t\t\t\t<\/span>\n\t\t\t\t\t\t\t\t\t\t<span class=\"elementor-icon-list-text\">Exp\u00e9riences traditionnelles et culturelles<\/span>\n\t\t\t\t\t\t\t\t\t<\/li>\n\t\t\t\t\t\t<\/ul>\n\t\t\t\t\t\t<\/div>\n\t\t\t\t<\/div>\n\t\t\t\t<div class=\"elementor-element elementor-element-11c7a2e elementor-widget elementor-widget-text-editor\" data-id=\"11c7a2e\" data-element_type=\"widget\" data-e-type=\"widget\" data-widget_type=\"text-editor.default\">\n\t\t\t\t<div class=\"elementor-widget-container\">\n\t\t\t\t\t\t\t\t\t<p data-start=\"1564\" data-end=\"1656\">Ces moments permettent aux participants de se d\u00e9tendre, de cr\u00e9er des liens et de d\u00e9couvrir la Sicile de mani\u00e8re authentique.<\/p>\t\t\t\t\t\t\t\t<\/div>\n\t\t\t\t<\/div>\n\t\t\t\t<\/div>\n\t\t\t\t\t<\/div>\n\t\t\t\t<\/div>\n\t\t<div class=\"elementor-element elementor-element-bf4e0f6 e-flex e-con-boxed e-con e-parent\" data-id=\"bf4e0f6\" data-element_type=\"container\" data-e-type=\"container\">\n\t\t\t\t\t<div class=\"e-con-inner\">\n\t\t\t\t<div class=\"elementor-element elementor-element-695fa60 elementor-widget elementor-widget-heading\" data-id=\"695fa60\" data-element_type=\"widget\" data-e-type=\"widget\" data-widget_type=\"heading.default\">\n\t\t\t\t<div class=\"elementor-widget-container\">\n\t\t\t\t\t<h2 class=\"elementor-heading-title elementor-size-default\">O\u00f9 nous organisons des r\u00e9unions professionnelles<\/h2>\t\t\t\t<\/div>\n\t\t\t\t<\/div>\n\t\t\t\t<div class=\"elementor-element elementor-element-f23db89 elementor-widget elementor-widget-text-editor\" data-id=\"f23db89\" data-element_type=\"widget\" data-e-type=\"widget\" data-widget_type=\"text-editor.default\">\n\t\t\t\t<div class=\"elementor-widget-container\">\n\t\t\t\t\t\t\t\t\t<p data-start=\"1707\" data-end=\"1800\">Nous organisons des r\u00e9unions dans certaines des destinations les plus exclusives et accessibles de Sicile :<\/p><p data-start=\"1802\" data-end=\"1878\"> <\/p>\t\t\t\t\t\t\t\t<\/div>\n\t\t\t\t<\/div>\n\t\t\t\t<div class=\"elementor-element elementor-element-58b1efa elementor-icon-list--layout-traditional elementor-list-item-link-full_width elementor-widget elementor-widget-icon-list\" data-id=\"58b1efa\" data-element_type=\"widget\" data-e-type=\"widget\" data-widget_type=\"icon-list.default\">\n\t\t\t\t<div class=\"elementor-widget-container\">\n\t\t\t\t\t\t\t<ul class=\"elementor-icon-list-items\">\n\t\t\t\t\t\t\t<li class=\"elementor-icon-list-item\">\n\t\t\t\t\t\t\t\t\t\t\t<span class=\"elementor-icon-list-icon\">\n\t\t\t\t\t\t\t<i aria-hidden=\"true\" class=\"fas fa-check\"><\/i>\t\t\t\t\t\t<\/span>\n\t\t\t\t\t\t\t\t\t\t<span class=\"elementor-icon-list-text\">Taormine : Lieux \u00e9l\u00e9gants, vues panoramiques et atmosph\u00e8re raffin\u00e9e.<\/span>\n\t\t\t\t\t\t\t\t\t<\/li>\n\t\t\t\t\t\t\t\t<li class=\"elementor-icon-list-item\">\n\t\t\t\t\t\t\t\t\t\t\t<span class=\"elementor-icon-list-icon\">\n\t\t\t\t\t\t\t<i aria-hidden=\"true\" class=\"fas fa-check\"><\/i>\t\t\t\t\t\t<\/span>\n\t\t\t\t\t\t\t\t\t\t<span class=\"elementor-icon-list-text\">Catane : Ville dynamique avec d\u2019excellentes connexions et infrastructures professionnelles.<\/span>\n\t\t\t\t\t\t\t\t\t<\/li>\n\t\t\t\t\t\t\t\t<li class=\"elementor-icon-list-item\">\n\t\t\t\t\t\t\t\t\t\t\t<span class=\"elementor-icon-list-icon\">\n\t\t\t\t\t\t\t<i aria-hidden=\"true\" class=\"fas fa-check\"><\/i>\t\t\t\t\t\t<\/span>\n\t\t\t\t\t\t\t\t\t\t<span class=\"elementor-icon-list-text\">Syracuse : Charme historique alli\u00e9 \u00e0 des cadres calmes et sophistiqu\u00e9s.<\/span>\n\t\t\t\t\t\t\t\t\t<\/li>\n\t\t\t\t\t\t\t\t<li class=\"elementor-icon-list-item\">\n\t\t\t\t\t\t\t\t\t\t\t<span class=\"elementor-icon-list-icon\">\n\t\t\t\t\t\t\t<i aria-hidden=\"true\" class=\"fas fa-check\"><\/i>\t\t\t\t\t\t<\/span>\n\t\t\t\t\t\t\t\t\t\t<span class=\"elementor-icon-list-text\">Noto : Lieux \u00e9l\u00e9gants et raffin\u00e9s, id\u00e9als pour des r\u00e9unions priv\u00e9es.<\/span>\n\t\t\t\t\t\t\t\t\t<\/li>\n\t\t\t\t\t\t\t\t<li class=\"elementor-icon-list-item\">\n\t\t\t\t\t\t\t\t\t\t\t<span class=\"elementor-icon-list-icon\">\n\t\t\t\t\t\t\t<i aria-hidden=\"true\" class=\"fas fa-check\"><\/i>\t\t\t\t\t\t<\/span>\n\t\t\t\t\t\t\t\t\t\t<span class=\"elementor-icon-list-text\">Modica : Atmosph\u00e8re authentique et intime, id\u00e9ale pour des r\u00e9unions cibl\u00e9es.<\/span>\n\t\t\t\t\t\t\t\t\t<\/li>\n\t\t\t\t\t\t\t\t<li class=\"elementor-icon-list-item\">\n\t\t\t\t\t\t\t\t\t\t\t<span class=\"elementor-icon-list-icon\">\n\t\t\t\t\t\t\t<i aria-hidden=\"true\" class=\"fas fa-check\"><\/i>\t\t\t\t\t\t<\/span>\n\t\t\t\t\t\t\t\t\t\t<span class=\"elementor-icon-list-text\">\u00celes \u00c9oliennes : Parfaites pour des r\u00e9unions exclusives et des retraites ex\u00e9cutives priv\u00e9es.<\/span>\n\t\t\t\t\t\t\t\t\t<\/li>\n\t\t\t\t\t\t<\/ul>\n\t\t\t\t\t\t<\/div>\n\t\t\t\t<\/div>\n\t\t\t\t\t<\/div>\n\t\t\t\t<\/div>\n\t\t<div class=\"elementor-element elementor-element-80b7e88 e-flex e-con-boxed e-con e-parent\" data-id=\"80b7e88\" data-element_type=\"container\" data-e-type=\"container\">\n\t\t\t\t\t<div class=\"e-con-inner\">\n\t\t\t\t<div class=\"elementor-element elementor-element-e6ff522 elementor-widget elementor-widget-heading\" data-id=\"e6ff522\" data-element_type=\"widget\" data-e-type=\"widget\" data-widget_type=\"heading.default\">\n\t\t\t\t<div class=\"elementor-widget-container\">\n\t\t\t\t\t<h2 class=\"elementor-heading-title elementor-size-default\">D\u00e9tente et \u00e9quilibre apr\u00e8s l\u2019\u00e9v\u00e9nement<\/h2>\t\t\t\t<\/div>\n\t\t\t\t<\/div>\n\t\t\t\t<div class=\"elementor-element elementor-element-88c14a2 elementor-widget elementor-widget-text-editor\" data-id=\"88c14a2\" data-element_type=\"widget\" data-e-type=\"widget\" data-widget_type=\"text-editor.default\">\n\t\t\t\t<div class=\"elementor-widget-container\">\n\t\t\t\t\t\t\t\t\t<p data-start=\"2800\" data-end=\"2896\">Pour compl\u00e9ter le programme des r\u00e9unions, nous organisons \u00e9galement des moments de d\u00e9tente dans des cadres exclusifs :<\/p>\t\t\t\t\t\t\t\t<\/div>\n\t\t\t\t<\/div>\n\t\t\t\t<div class=\"elementor-element elementor-element-44eab6b elementor-icon-list--layout-traditional elementor-list-item-link-full_width elementor-widget elementor-widget-icon-list\" data-id=\"44eab6b\" data-element_type=\"widget\" data-e-type=\"widget\" data-widget_type=\"icon-list.default\">\n\t\t\t\t<div class=\"elementor-widget-container\">\n\t\t\t\t\t\t\t<ul class=\"elementor-icon-list-items\">\n\t\t\t\t\t\t\t<li class=\"elementor-icon-list-item\">\n\t\t\t\t\t\t\t\t\t\t\t<span class=\"elementor-icon-list-icon\">\n\t\t\t\t\t\t\t<i aria-hidden=\"true\" class=\"fas fa-check\"><\/i>\t\t\t\t\t\t<\/span>\n\t\t\t\t\t\t\t\t\t\t<span class=\"elementor-icon-list-text\">Exp\u00e9riences spa priv\u00e9es<\/span>\n\t\t\t\t\t\t\t\t\t<\/li>\n\t\t\t\t\t\t\t\t<li class=\"elementor-icon-list-item\">\n\t\t\t\t\t\t\t\t\t\t\t<span class=\"elementor-icon-list-icon\">\n\t\t\t\t\t\t\t<i aria-hidden=\"true\" class=\"fas fa-check\"><\/i>\t\t\t\t\t\t<\/span>\n\t\t\t\t\t\t\t\t\t\t<span class=\"elementor-icon-list-text\">S\u00e9ances bien-\u00eatre<\/span>\n\t\t\t\t\t\t\t\t\t<\/li>\n\t\t\t\t\t\t\t\t<li class=\"elementor-icon-list-item\">\n\t\t\t\t\t\t\t\t\t\t\t<span class=\"elementor-icon-list-icon\">\n\t\t\t\t\t\t\t<i aria-hidden=\"true\" class=\"fas fa-check\"><\/i>\t\t\t\t\t\t<\/span>\n\t\t\t\t\t\t\t\t\t\t<span class=\"elementor-icon-list-text\">\u00c9vasions en bord de mer<\/span>\n\t\t\t\t\t\t\t\t\t<\/li>\n\t\t\t\t\t\t\t\t<li class=\"elementor-icon-list-item\">\n\t\t\t\t\t\t\t\t\t\t\t<span class=\"elementor-icon-list-icon\">\n\t\t\t\t\t\t\t<i aria-hidden=\"true\" class=\"fas fa-check\"><\/i>\t\t\t\t\t\t<\/span>\n\t\t\t\t\t\t\t\t\t\t<span class=\"elementor-icon-list-text\">Activit\u00e9s culturelles<\/span>\n\t\t\t\t\t\t\t\t\t<\/li>\n\t\t\t\t\t\t<\/ul>\n\t\t\t\t\t\t<\/div>\n\t\t\t\t<\/div>\n\t\t\t\t<div class=\"elementor-element elementor-element-868b798 elementor-widget elementor-widget-text-editor\" data-id=\"868b798\" data-element_type=\"widget\" data-e-type=\"widget\" data-widget_type=\"text-editor.default\">\n\t\t\t\t<div class=\"elementor-widget-container\">\n\t\t\t\t\t\t\t\t\t<p data-start=\"2993\" data-end=\"3080\">Cet \u00e9quilibre entre travail et d\u00e9tente cr\u00e9e une exp\u00e9rience plus engageante et m\u00e9morable.<\/p>\t\t\t\t\t\t\t\t<\/div>\n\t\t\t\t<\/div>\n\t\t\t\t\t<\/div>\n\t\t\t\t<\/div>\n\t\t<div class=\"elementor-element elementor-element-24195fe e-flex e-con-boxed e-con e-parent\" data-id=\"24195fe\" data-element_type=\"container\" data-e-type=\"container\">\n\t\t\t\t\t<div class=\"e-con-inner\">\n\t\t<div class=\"elementor-element elementor-element-022ac82 e-con-full e-flex e-con e-child\" data-id=\"022ac82\" data-element_type=\"container\" data-e-type=\"container\">\n\t\t\t\t<div class=\"elementor-element elementor-element-aa464e5 elementor-widget elementor-widget-image\" data-id=\"aa464e5\" data-element_type=\"widget\" data-e-type=\"widget\" data-widget_type=\"image.default\">\n\t\t\t\t<div class=\"elementor-widget-container\">\n\t\t\t\t\t\t\t\t\t\t\t\t\t\t\t<img decoding=\"async\" width=\"1024\" height=\"913\" src=\"https:\/\/www.celebrateinsicily.com\/wp-content\/uploads\/2026\/05\/File-1-1024x913.png\" class=\"attachment-large size-large wp-image-4106\" alt=\"Lieu de r\u00e9ception dans un vignoble sicilien pour d\u00e9gustations de vin et c\u00e9l\u00e9brations priv\u00e9es\" srcset=\"https:\/\/www.celebrateinsicily.com\/wp-content\/uploads\/2026\/05\/File-1-1024x913.png 1024w, https:\/\/www.celebrateinsicily.com\/wp-content\/uploads\/2026\/05\/File-1-300x267.png 300w, https:\/\/www.celebrateinsicily.com\/wp-content\/uploads\/2026\/05\/File-1-768x685.png 768w, https:\/\/www.celebrateinsicily.com\/wp-content\/uploads\/2026\/05\/File-1.png 1280w\" sizes=\"(max-width: 1024px) 100vw, 1024px\" \/>\t\t\t\t\t\t\t\t\t\t\t\t\t\t\t<\/div>\n\t\t\t\t<\/div>\n\t\t\t\t<\/div>\n\t\t<div class=\"elementor-element elementor-element-c6a303c e-con-full e-flex e-con e-child\" data-id=\"c6a303c\" data-element_type=\"container\" data-e-type=\"container\">\n\t\t\t\t<div class=\"elementor-element elementor-element-76ea50c elementor-widget elementor-widget-heading\" data-id=\"76ea50c\" data-element_type=\"widget\" data-e-type=\"widget\" data-widget_type=\"heading.default\">\n\t\t\t\t<div class=\"elementor-widget-container\">\n\t\t\t\t\t<h2 class=\"elementor-heading-title elementor-size-default\">Notre adresse signature<\/h2>\t\t\t\t<\/div>\n\t\t\t\t<\/div>\n\t\t\t\t<div class=\"elementor-element elementor-element-aef8c3f elementor-widget elementor-widget-text-editor\" data-id=\"aef8c3f\" data-element_type=\"widget\" data-e-type=\"widget\" data-widget_type=\"text-editor.default\">\n\t\t\t\t<div class=\"elementor-widget-container\">\n\t\t\t\t\t\t\t\t\t<p data-start=\"174\" data-end=\"353\"><span dir=\"auto\" style=\"vertical-align: inherit;\"><span dir=\"auto\" style=\"vertical-align: inherit;\">Situ\u00e9 au c\u0153ur de la beaut\u00e9 naturelle de la Sicile, ce lieu soigneusement s\u00e9lectionn\u00e9 offre un cadre id\u00e9al o\u00f9 vins, gastronomie et atmosph\u00e8re se rencontrent pour cr\u00e9er des c\u00e9l\u00e9brations inoubliables.<\/span><\/span><\/p><p data-start=\"355\" data-end=\"514\"><span dir=\"auto\" style=\"vertical-align: inherit;\"><span dir=\"auto\" style=\"vertical-align: inherit;\">Au <a href=\"https:\/\/www.emiliosciaccaetnawine.it\/\">Palmento La Martinella<\/a><\/span><\/span><span dir=\"auto\" style=\"vertical-align: inherit;\"><span dir=\"auto\" style=\"vertical-align: inherit;\">, les invit\u00e9s peuvent profiter d\u2019exp\u00e9riences authentiques autour du vin sicilien dans un cadre \u00e0 la fois d\u00e9tendu et raffin\u00e9, id\u00e9al pour des moments intimes et des \u00e9v\u00e9nements priv\u00e9s.<\/span><\/span><\/p>\t\t\t\t\t\t\t\t<\/div>\n\t\t\t\t<\/div>\n\t\t\t\t<div class=\"elementor-element elementor-element-188cfbb elementor-icon-list--layout-traditional elementor-list-item-link-full_width elementor-widget elementor-widget-icon-list\" data-id=\"188cfbb\" data-element_type=\"widget\" data-e-type=\"widget\" data-widget_type=\"icon-list.default\">\n\t\t\t\t<div class=\"elementor-widget-container\">\n\t\t\t\t\t\t\t<ul class=\"elementor-icon-list-items\">\n\t\t\t\t\t\t\t<li class=\"elementor-icon-list-item\">\n\t\t\t\t\t\t\t\t\t\t\t<span class=\"elementor-icon-list-icon\">\n\t\t\t\t\t\t\t<i aria-hidden=\"true\" class=\"fas fa-check\"><\/i>\t\t\t\t\t\t<\/span>\n\t\t\t\t\t\t\t\t\t\t<span class=\"elementor-icon-list-text\">Visites de vignobles<\/span>\n\t\t\t\t\t\t\t\t\t<\/li>\n\t\t\t\t\t\t\t\t<li class=\"elementor-icon-list-item\">\n\t\t\t\t\t\t\t\t\t\t\t<span class=\"elementor-icon-list-icon\">\n\t\t\t\t\t\t\t<i aria-hidden=\"true\" class=\"fas fa-check\"><\/i>\t\t\t\t\t\t<\/span>\n\t\t\t\t\t\t\t\t\t\t<span class=\"elementor-icon-list-text\">D\u00e9gustations de vin<\/span>\n\t\t\t\t\t\t\t\t\t<\/li>\n\t\t\t\t\t\t\t\t<li class=\"elementor-icon-list-item\">\n\t\t\t\t\t\t\t\t\t\t\t<span class=\"elementor-icon-list-icon\">\n\t\t\t\t\t\t\t<i aria-hidden=\"true\" class=\"fas fa-check\"><\/i>\t\t\t\t\t\t<\/span>\n\t\t\t\t\t\t\t\t\t\t<span class=\"elementor-icon-list-text\">Accords mets et vins<\/span>\n\t\t\t\t\t\t\t\t\t<\/li>\n\t\t\t\t\t\t\t\t<li class=\"elementor-icon-list-item\">\n\t\t\t\t\t\t\t\t\t\t\t<span class=\"elementor-icon-list-icon\">\n\t\t\t\t\t\t\t<i aria-hidden=\"true\" class=\"fas fa-check\"><\/i>\t\t\t\t\t\t<\/span>\n\t\t\t\t\t\t\t\t\t\t<span class=\"elementor-icon-list-text\">Ap\u00e9ritif au coucher du soleil<\/span>\n\t\t\t\t\t\t\t\t\t<\/li>\n\t\t\t\t\t\t\t\t<li class=\"elementor-icon-list-item\">\n\t\t\t\t\t\t\t\t\t\t\t<span class=\"elementor-icon-list-icon\">\n\t\t\t\t\t\t\t<i aria-hidden=\"true\" class=\"fas fa-check\"><\/i>\t\t\t\t\t\t<\/span>\n\t\t\t\t\t\t\t\t\t\t<span class=\"elementor-icon-list-text\">Mise en sc\u00e8ne pour c\u00e9l\u00e9brations priv\u00e9es<\/span>\n\t\t\t\t\t\t\t\t\t<\/li>\n\t\t\t\t\t\t\t\t<li class=\"elementor-icon-list-item\">\n\t\t\t\t\t\t\t\t\t\t\t<span class=\"elementor-icon-list-icon\">\n\t\t\t\t\t\t\t<i aria-hidden=\"true\" class=\"fas fa-check\"><\/i>\t\t\t\t\t\t<\/span>\n\t\t\t\t\t\t\t\t\t\t<span class=\"elementor-icon-list-text\">Exp\u00e9riences \u0153nologiques guid\u00e9es<\/span>\n\t\t\t\t\t\t\t\t\t<\/li>\n\t\t\t\t\t\t<\/ul>\n\t\t\t\t\t\t<\/div>\n\t\t\t\t<\/div>\n\t\t\t\t<\/div>\n\t\t\t\t\t<\/div>\n\t\t\t\t<\/div>\n\t\t<div class=\"elementor-element elementor-element-459158d e-con-full e-flex e-con e-parent\" data-id=\"459158d\" data-element_type=\"container\" data-e-type=\"container\" data-settings=\"{&quot;background_background&quot;:&quot;classic&quot;}\">\n\t\t\t\t<div class=\"elementor-element elementor-element-ab27996 elementor-widget elementor-widget-heading\" data-id=\"ab27996\" data-element_type=\"widget\" data-e-type=\"widget\" data-widget_type=\"heading.default\">\n\t\t\t\t<div class=\"elementor-widget-container\">\n\t\t\t\t\t<h2 class=\"elementor-heading-title elementor-size-default\">Planifiez votre r\u00e9union d\u2019affaires en Sicile<\/h2>\t\t\t\t<\/div>\n\t\t\t\t<\/div>\n\t\t\t\t<div class=\"elementor-element elementor-element-e92f3ae elementor-widget elementor-widget-text-editor\" data-id=\"e92f3ae\" data-element_type=\"widget\" data-e-type=\"widget\" data-widget_type=\"text-editor.default\">\n\t\t\t\t<div class=\"elementor-widget-container\">\n\t\t\t\t\t\t\t\t\t<blockquote data-start=\"826\" data-end=\"1007\"><p data-start=\"3742\" data-end=\"3833\">Parlez-nous de vos besoins et nous concevrons une r\u00e9union adapt\u00e9e \u00e0 vos objectifs.<\/p><\/blockquote>\t\t\t\t\t\t\t\t<\/div>\n\t\t\t\t<\/div>\n\t\t\t\t<div class=\"elementor-element elementor-element-82d2d56 elementor-align-center elementor-widget elementor-widget-button\" data-id=\"82d2d56\" data-element_type=\"widget\" data-e-type=\"widget\" data-widget_type=\"button.default\">\n\t\t\t\t<div class=\"elementor-widget-container\">\n\t\t\t\t\t\t\t\t\t<div class=\"elementor-button-wrapper\">\n\t\t\t\t\t<a class=\"elementor-button elementor-button-link elementor-size-sm\" href=\"https:\/\/www.celebrateinsicily.com\/fr\/contacts\/\">\n\t\t\t\t\t\t<span class=\"elementor-button-content-wrapper\">\n\t\t\t\t\t\t\t\t\t<span class=\"elementor-button-text\">Planifiez votre \u00e9v\u00e9nement<\/span>\n\t\t\t\t\t<\/span>\n\t\t\t\t\t<\/a>\n\t\t\t\t<\/div>\n\t\t\t\t\t\t\t\t<\/div>\n\t\t\t\t<\/div>\n\t\t\t\t<\/div>\n\t\t\t\t<\/div>\n\t\t","protected":false},"excerpt":{"rendered":"<p>R\u00e9unions d\u2019affaires en Sicile Organisez vos r\u00e9unions d\u2019affaires en Sicile avec une planification experte, une coordination strat\u00e9gique et des lieux soigneusement s\u00e9lectionn\u00e9s. Des r\u00e9unions de direction aux rassemblements professionnels priv\u00e9s, nous concevons des exp\u00e9riences qui allient productivit\u00e9 et atmosph\u00e8re m\u00e9diterran\u00e9enne raffin\u00e9e. Planifiez votre \u00e9v\u00e9nement R\u00e9unions d\u2019affaires professionnelles en Sicile La Sicile est une destination id\u00e9ale [&hellip;]<\/p>\n","protected":false},"author":2,"featured_media":0,"parent":0,"menu_order":0,"comment_status":"closed","ping_status":"closed","template":"elementor_header_footer","meta":{"site-sidebar-layout":"no-sidebar","site-content-layout":"page-builder","ast-site-content-layout":"full-width-container","site-content-style":"default","site-sidebar-style":"default","ast-global-header-display":"","ast-banner-title-visibility":"","ast-main-header-display":"","ast-hfb-above-header-display":"","ast-hfb-below-header-display":"","ast-hfb-mobile-header-display":"","site-post-title":"","ast-breadcrumbs-content":"","ast-featured-img":"disabled","footer-sml-layout":"","ast-disable-related-posts":"","theme-transparent-header-meta":"","adv-header-id-meta":"","stick-header-meta":"","header-above-stick-meta":"","header-main-stick-meta":"","header-below-stick-meta":"","astra-migrate-meta-layouts":"default","ast-page-background-enabled":"default","ast-page-background-meta":{"desktop":{"background-color":"var(--ast-global-color-4)","background-image":"","background-repeat":"repeat","background-position":"center center","background-size":"auto","background-attachment":"scroll","background-type":"","background-media":"","overlay-type":"","overlay-color":"","overlay-opacity":"","overlay-gradient":""},"tablet":{"background-color":"","background-image":"","background-repeat":"repeat","background-position":"center center","background-size":"auto","background-attachment":"scroll","background-type":"","background-media":"","overlay-type":"","overlay-color":"","overlay-opacity":"","overlay-gradient":""},"mobile":{"background-color":"","background-image":"","background-repeat":"repeat","background-position":"center center","background-size":"auto","background-attachment":"scroll","background-type":"","background-media":"","overlay-type":"","overlay-color":"","overlay-opacity":"","overlay-gradient":""}},"ast-content-background-meta":{"desktop":{"background-color":"var(--ast-global-color-5)","background-image":"","background-repeat":"repeat","background-position":"center center","background-size":"auto","background-attachment":"scroll","background-type":"","background-media":"","overlay-type":"","overlay-color":"","overlay-opacity":"","overlay-gradient":""},"tablet":{"background-color":"var(--ast-global-color-5)","background-image":"","background-repeat":"repeat","background-position":"center center","background-size":"auto","background-attachment":"scroll","background-type":"","background-media":"","overlay-type":"","overlay-color":"","overlay-opacity":"","overlay-gradient":""},"mobile":{"background-color":"var(--ast-global-color-5)","background-image":"","background-repeat":"repeat","background-position":"center center","background-size":"auto","background-attachment":"scroll","background-type":"","background-media":"","overlay-type":"","overlay-color":"","overlay-opacity":"","overlay-gradient":""}},"footnotes":""},"class_list":["post-2465","page","type-page","status-publish","hentry"],"yoast_head":"<!-- This site is optimized with the Yoast SEO plugin v28.3 - https:\/\/yoast.com\/product\/yoast-seo-wordpress\/ -->\n<title>R\u00e9unions Professionnelles en Sicile | Lieux et Exp\u00e9riences Exclusifs<\/title>\n<meta name=\"description\" content=\"Planifiez des r\u00e9unions d\u2019affaires exceptionnelles en Sicile avec des lieux exclusifs et des exp\u00e9riences sur mesure dans des cadres \u00e0 couper le souffle.\" \/>\n<meta name=\"robots\" content=\"index, follow, max-snippet:-1, max-image-preview:large, max-video-preview:-1\" \/>\n<link rel=\"canonical\" href=\"https:\/\/www.celebrateinsicily.com\/fr\/reunions-professionnelles-en-sicile\/\" \/>\n<meta property=\"og:locale\" content=\"fr_FR\" \/>\n<meta property=\"og:type\" content=\"article\" \/>\n<meta property=\"og:title\" content=\"R\u00e9unions Professionnelles en Sicile | Lieux et Exp\u00e9riences Exclusifs\" \/>\n<meta property=\"og:description\" content=\"Planifiez des r\u00e9unions d\u2019affaires exceptionnelles en Sicile avec des lieux exclusifs et des exp\u00e9riences sur mesure dans des cadres \u00e0 couper le souffle.\" \/>\n<meta property=\"og:url\" content=\"https:\/\/www.celebrateinsicily.com\/fr\/reunions-professionnelles-en-sicile\/\" \/>\n<meta property=\"og:site_name\" content=\"Celebrate in Sicily\" \/>\n<meta property=\"article:modified_time\" content=\"2026-06-10T09:27:01+00:00\" \/>\n<meta property=\"og:image\" content=\"https:\/\/www.celebrateinsicily.com\/wp-content\/uploads\/2026\/05\/IMG-20260518-WA0031.jpg\" \/>\n\t<meta property=\"og:image:width\" content=\"1600\" \/>\n\t<meta property=\"og:image:height\" content=\"1200\" \/>\n\t<meta property=\"og:image:type\" content=\"image\/jpeg\" \/>\n<meta name=\"twitter:card\" content=\"summary_large_image\" \/>\n<meta name=\"twitter:label1\" content=\"Dur\u00e9e de lecture estim\u00e9e\" \/>\n\t<meta name=\"twitter:data1\" content=\"4 minutes\" \/>\n<script type=\"application\/ld+json\" class=\"yoast-schema-graph\">{\"@context\":\"https:\\\/\\\/schema.org\",\"@graph\":[{\"@type\":\"WebPage\",\"@id\":\"https:\\\/\\\/www.celebrateinsicily.com\\\/fr\\\/reunions-professionnelles-en-sicile\\\/\",\"url\":\"https:\\\/\\\/www.celebrateinsicily.com\\\/fr\\\/reunions-professionnelles-en-sicile\\\/\",\"name\":\"R\u00e9unions Professionnelles en Sicile | Lieux et Exp\u00e9riences Exclusifs\",\"isPartOf\":{\"@id\":\"https:\\\/\\\/www.celebrateinsicily.com\\\/fr\\\/#website\"},\"primaryImageOfPage\":{\"@id\":\"https:\\\/\\\/www.celebrateinsicily.com\\\/fr\\\/reunions-professionnelles-en-sicile\\\/#primaryimage\"},\"image\":{\"@id\":\"https:\\\/\\\/www.celebrateinsicily.com\\\/fr\\\/reunions-professionnelles-en-sicile\\\/#primaryimage\"},\"thumbnailUrl\":\"https:\\\/\\\/www.celebrateinsicily.com\\\/wp-content\\\/uploads\\\/2026\\\/05\\\/IMG-20260518-WA0031-1024x768.jpg\",\"datePublished\":\"2026-03-18T12:58:35+00:00\",\"dateModified\":\"2026-06-10T09:27:01+00:00\",\"description\":\"Planifiez des r\u00e9unions d\u2019affaires exceptionnelles en Sicile avec des lieux exclusifs et des exp\u00e9riences sur mesure dans des cadres \u00e0 couper le souffle.\",\"breadcrumb\":{\"@id\":\"https:\\\/\\\/www.celebrateinsicily.com\\\/fr\\\/reunions-professionnelles-en-sicile\\\/#breadcrumb\"},\"inLanguage\":\"fr-FR\",\"potentialAction\":[{\"@type\":\"ReadAction\",\"target\":[\"https:\\\/\\\/www.celebrateinsicily.com\\\/fr\\\/reunions-professionnelles-en-sicile\\\/\"]}]},{\"@type\":\"ImageObject\",\"inLanguage\":\"fr-FR\",\"@id\":\"https:\\\/\\\/www.celebrateinsicily.com\\\/fr\\\/reunions-professionnelles-en-sicile\\\/#primaryimage\",\"url\":\"https:\\\/\\\/www.celebrateinsicily.com\\\/wp-content\\\/uploads\\\/2026\\\/05\\\/IMG-20260518-WA0031-1024x768.jpg\",\"contentUrl\":\"https:\\\/\\\/www.celebrateinsicily.com\\\/wp-content\\\/uploads\\\/2026\\\/05\\\/IMG-20260518-WA0031-1024x768.jpg\"},{\"@type\":\"BreadcrumbList\",\"@id\":\"https:\\\/\\\/www.celebrateinsicily.com\\\/fr\\\/reunions-professionnelles-en-sicile\\\/#breadcrumb\",\"itemListElement\":[{\"@type\":\"ListItem\",\"position\":1,\"name\":\"Home\",\"item\":\"https:\\\/\\\/www.celebrateinsicily.com\\\/fr\\\/\"},{\"@type\":\"ListItem\",\"position\":2,\"name\":\"R\u00e9unions d\u2019affaires en Sicile\"}]},{\"@type\":\"WebSite\",\"@id\":\"https:\\\/\\\/www.celebrateinsicily.com\\\/fr\\\/#website\",\"url\":\"https:\\\/\\\/www.celebrateinsicily.com\\\/fr\\\/\",\"name\":\"Celebrate in Sicily\",\"description\":\"Private Events &amp; Experiences in Sicily\",\"publisher\":{\"@id\":\"https:\\\/\\\/www.celebrateinsicily.com\\\/fr\\\/#organization\"},\"potentialAction\":[{\"@type\":\"SearchAction\",\"target\":{\"@type\":\"EntryPoint\",\"urlTemplate\":\"https:\\\/\\\/www.celebrateinsicily.com\\\/fr\\\/?s={search_term_string}\"},\"query-input\":{\"@type\":\"PropertyValueSpecification\",\"valueRequired\":true,\"valueName\":\"search_term_string\"}}],\"inLanguage\":\"fr-FR\"},{\"@type\":\"Organization\",\"@id\":\"https:\\\/\\\/www.celebrateinsicily.com\\\/fr\\\/#organization\",\"name\":\"Celebrate in Sicily\",\"url\":\"https:\\\/\\\/www.celebrateinsicily.com\\\/fr\\\/\",\"logo\":{\"@type\":\"ImageObject\",\"inLanguage\":\"fr-FR\",\"@id\":\"https:\\\/\\\/www.celebrateinsicily.com\\\/fr\\\/#\\\/schema\\\/logo\\\/image\\\/\",\"url\":\"https:\\\/\\\/www.celebrateinsicily.com\\\/wp-content\\\/uploads\\\/2026\\\/03\\\/minimal-luxury-logo-for-celebrate-in-sic_CUMbA-AYQFin7eoAZRVUYg_M6csnfDxRf6z9Qd91t2VRw-1.jpeg\",\"contentUrl\":\"https:\\\/\\\/www.celebrateinsicily.com\\\/wp-content\\\/uploads\\\/2026\\\/03\\\/minimal-luxury-logo-for-celebrate-in-sic_CUMbA-AYQFin7eoAZRVUYg_M6csnfDxRf6z9Qd91t2VRw-1.jpeg\",\"width\":1024,\"height\":1024,\"caption\":\"Celebrate in Sicily\"},\"image\":{\"@id\":\"https:\\\/\\\/www.celebrateinsicily.com\\\/fr\\\/#\\\/schema\\\/logo\\\/image\\\/\"}}]}<\/script>\n<!-- \/ Yoast SEO plugin. -->","yoast_head_json":{"title":"R\u00e9unions Professionnelles en Sicile | Lieux et Exp\u00e9riences Exclusifs","description":"Planifiez des r\u00e9unions d\u2019affaires exceptionnelles en Sicile avec des lieux exclusifs et des exp\u00e9riences sur mesure dans des cadres \u00e0 couper le souffle.","robots":{"index":"index","follow":"follow","max-snippet":"max-snippet:-1","max-image-preview":"max-image-preview:large","max-video-preview":"max-video-preview:-1"},"canonical":"https:\/\/www.celebrateinsicily.com\/fr\/reunions-professionnelles-en-sicile\/","og_locale":"fr_FR","og_type":"article","og_title":"R\u00e9unions Professionnelles en Sicile | Lieux et Exp\u00e9riences Exclusifs","og_description":"Planifiez des r\u00e9unions d\u2019affaires exceptionnelles en Sicile avec des lieux exclusifs et des exp\u00e9riences sur mesure dans des cadres \u00e0 couper le souffle.","og_url":"https:\/\/www.celebrateinsicily.com\/fr\/reunions-professionnelles-en-sicile\/","og_site_name":"Celebrate in Sicily","article_modified_time":"2026-06-10T09:27:01+00:00","og_image":[{"width":1600,"height":1200,"url":"https:\/\/www.celebrateinsicily.com\/wp-content\/uploads\/2026\/05\/IMG-20260518-WA0031.jpg","type":"image\/jpeg"}],"twitter_card":"summary_large_image","twitter_misc":{"Dur\u00e9e de lecture estim\u00e9e":"4 minutes"},"schema":{"@context":"https:\/\/schema.org","@graph":[{"@type":"WebPage","@id":"https:\/\/www.celebrateinsicily.com\/fr\/reunions-professionnelles-en-sicile\/","url":"https:\/\/www.celebrateinsicily.com\/fr\/reunions-professionnelles-en-sicile\/","name":"R\u00e9unions Professionnelles en Sicile | Lieux et Exp\u00e9riences Exclusifs","isPartOf":{"@id":"https:\/\/www.celebrateinsicily.com\/fr\/#website"},"primaryImageOfPage":{"@id":"https:\/\/www.celebrateinsicily.com\/fr\/reunions-professionnelles-en-sicile\/#primaryimage"},"image":{"@id":"https:\/\/www.celebrateinsicily.com\/fr\/reunions-professionnelles-en-sicile\/#primaryimage"},"thumbnailUrl":"https:\/\/www.celebrateinsicily.com\/wp-content\/uploads\/2026\/05\/IMG-20260518-WA0031-1024x768.jpg","datePublished":"2026-03-18T12:58:35+00:00","dateModified":"2026-06-10T09:27:01+00:00","description":"Planifiez des r\u00e9unions d\u2019affaires exceptionnelles en Sicile avec des lieux exclusifs et des exp\u00e9riences sur mesure dans des cadres \u00e0 couper le souffle.","breadcrumb":{"@id":"https:\/\/www.celebrateinsicily.com\/fr\/reunions-professionnelles-en-sicile\/#breadcrumb"},"inLanguage":"fr-FR","potentialAction":[{"@type":"ReadAction","target":["https:\/\/www.celebrateinsicily.com\/fr\/reunions-professionnelles-en-sicile\/"]}]},{"@type":"ImageObject","inLanguage":"fr-FR","@id":"https:\/\/www.celebrateinsicily.com\/fr\/reunions-professionnelles-en-sicile\/#primaryimage","url":"https:\/\/www.celebrateinsicily.com\/wp-content\/uploads\/2026\/05\/IMG-20260518-WA0031-1024x768.jpg","contentUrl":"https:\/\/www.celebrateinsicily.com\/wp-content\/uploads\/2026\/05\/IMG-20260518-WA0031-1024x768.jpg"},{"@type":"BreadcrumbList","@id":"https:\/\/www.celebrateinsicily.com\/fr\/reunions-professionnelles-en-sicile\/#breadcrumb","itemListElement":[{"@type":"ListItem","position":1,"name":"Home","item":"https:\/\/www.celebrateinsicily.com\/fr\/"},{"@type":"ListItem","position":2,"name":"R\u00e9unions d\u2019affaires en Sicile"}]},{"@type":"WebSite","@id":"https:\/\/www.celebrateinsicily.com\/fr\/#website","url":"https:\/\/www.celebrateinsicily.com\/fr\/","name":"Celebrate in Sicily","description":"Private Events &amp; Experiences in Sicily","publisher":{"@id":"https:\/\/www.celebrateinsicily.com\/fr\/#organization"},"potentialAction":[{"@type":"SearchAction","target":{"@type":"EntryPoint","urlTemplate":"https:\/\/www.celebrateinsicily.com\/fr\/?s={search_term_string}"},"query-input":{"@type":"PropertyValueSpecification","valueRequired":true,"valueName":"search_term_string"}}],"inLanguage":"fr-FR"},{"@type":"Organization","@id":"https:\/\/www.celebrateinsicily.com\/fr\/#organization","name":"Celebrate in Sicily","url":"https:\/\/www.celebrateinsicily.com\/fr\/","logo":{"@type":"ImageObject","inLanguage":"fr-FR","@id":"https:\/\/www.celebrateinsicily.com\/fr\/#\/schema\/logo\/image\/","url":"https:\/\/www.celebrateinsicily.com\/wp-content\/uploads\/2026\/03\/minimal-luxury-logo-for-celebrate-in-sic_CUMbA-AYQFin7eoAZRVUYg_M6csnfDxRf6z9Qd91t2VRw-1.jpeg","contentUrl":"https:\/\/www.celebrateinsicily.com\/wp-content\/uploads\/2026\/03\/minimal-luxury-logo-for-celebrate-in-sic_CUMbA-AYQFin7eoAZRVUYg_M6csnfDxRf6z9Qd91t2VRw-1.jpeg","width":1024,"height":1024,"caption":"Celebrate in Sicily"},"image":{"@id":"https:\/\/www.celebrateinsicily.com\/fr\/#\/schema\/logo\/image\/"}}]}},"_links":{"self":[{"href":"https:\/\/www.celebrateinsicily.com\/fr\/wp-json\/wp\/v2\/pages\/2465","targetHints":{"allow":["GET"]}}],"collection":[{"href":"https:\/\/www.celebrateinsicily.com\/fr\/wp-json\/wp\/v2\/pages"}],"about":[{"href":"https:\/\/www.celebrateinsicily.com\/fr\/wp-json\/wp\/v2\/types\/page"}],"author":[{"embeddable":true,"href":"https:\/\/www.celebrateinsicily.com\/fr\/wp-json\/wp\/v2\/users\/2"}],"replies":[{"embeddable":true,"href":"https:\/\/www.celebrateinsicily.com\/fr\/wp-json\/wp\/v2\/comments?post=2465"}],"version-history":[{"count":15,"href":"https:\/\/www.celebrateinsicily.com\/fr\/wp-json\/wp\/v2\/pages\/2465\/revisions"}],"predecessor-version":[{"id":5109,"href":"https:\/\/www.celebrateinsicily.com\/fr\/wp-json\/wp\/v2\/pages\/2465\/revisions\/5109"}],"wp:attachment":[{"href":"https:\/\/www.celebrateinsicily.com\/fr\/wp-json\/wp\/v2\/media?parent=2465"}],"curies":[{"name":"wp","href":"https:\/\/api.w.org\/{rel}","templated":true}]}}